{"id":4268,"date":"2018-10-24T11:48:33","date_gmt":"2018-10-24T08:48:33","guid":{"rendered":"http:\/\/musicart.acischools.k12.tr\/new\/?page_id=4268"},"modified":"2024-01-14T10:21:13","modified_gmt":"2024-01-14T07:21:13","slug":"gitar","status":"publish","type":"page","link":"https:\/\/musicart.acischools.k12.tr\/?page_id=4268","title":{"rendered":"Gitar"},"content":{"rendered":"<section id=\"bt_section69f5ad2adf0f0\"  class=\"boldSection topSpaced bottomSpaced gutter inherit\" ><div class=\"port\"><div class=\"boldCell\"><div class=\"boldCellInner\"><div class=\"boldRow \" ><div class=\"boldRowInner\"><div class=\"rowItem btRightBorder col-md-9 col-ms-12  btTextLeft animate animate-fadein btTopVertical\"  data-width=\"9\"><div class=\"rowItemContent\" ><header class=\"header btClear large  btHeaderAccent2\" ><div class=\"dash\"><h2><span class=\"headline\">G\u0130TAR<\/span><\/h2><\/div><\/header><header class=\"header btClear small  btHeaderAccent3\" ><div class=\"dash\"><h4><span class=\"headline\">B\u00f6l\u00fcm Sorumlusu: Erhan Canbulat<\/span><\/h4><\/div><\/header><div class=\"btText\" ><\/p>\n<p>M\u00fczi\u011fe k\u00fc\u00e7\u00fck ya\u015flarda ba\u011flama \u00e7alarak ba\u015flad\u0131. Lise y\u0131llar\u0131nda m\u00fczik \u00f6\u011fretmeni Refik K\u00f6ksal\u2019\u0131n deste\u011fiyle, 1995 y\u0131l\u0131nda Marmara \u00dcniversitesi Atat\u00fcrk E\u011fitim Fak\u00fcltesi m\u00fczik \u00f6\u011fretmenli\u011fi b\u00f6l\u00fcm\u00fcn\u00fc kazand\u0131. B\u00f6ylece T\u00fcrk halk m\u00fczi\u011finden gelen temelini bat\u0131 m\u00fczi\u011fine ta\u015f\u0131m\u0131\u015f oldu.<\/p>\n<p>\u00dcniversite y\u0131llar\u0131nda klasik gitar dal\u0131nda Prof. Dr. Y\u0131ld\u0131z ELMAS\u2019la \u00e7al\u0131\u015ft\u0131. Yine bu y\u0131llarda Prof. Dr. Y\u00fccel Elmas\u2019la koro e\u011fitim ve y\u00f6netimi, Do\u00e7 Dr. \u0130lhan Tonger\u2019le piyano, Nal\u0131 \u0130ktu ve Deniz Erdo\u011fan\u2019la \u015fan \u00e7al\u0131\u015fmalar\u0131 yapm\u0131\u015ft\u0131r.<\/p>\n<p>\u00dcniversite y\u0131llar\u0131ndan beri bir\u00e7ok sanat merkezinde klasik gitar e\u011fitmenli\u011fi yapm\u0131\u015f ve uzun y\u0131llar bu \u00e7al\u0131\u015fmalar\u0131n\u0131 s\u00fcrd\u00fcrm\u00fc\u015ft\u00fcr. Askerlik g\u00f6revini yaparken kurdu\u011fu orkestrayla askeriye b\u00fcnyesinde bir\u00e7ok kez konserler ve dinletiler sergilemi\u015ftir. 2002 ve 2007 y\u0131llar\u0131 aras\u0131nda \u00f6zel okullarda m\u00fczik \u00f6\u011fretmenli\u011fi yapt\u0131. 2007 Y\u0131l\u0131nda Bak\u0131rk\u00f6y\u2019l\u00fc Sanat\u00e7\u0131lar Derne\u011fi Sanat Okulu\u2019nda gitar \u00f6\u011fretmenli\u011fine ba\u015flam\u0131\u015f ve bu kurumdaki \u00e7al\u0131\u015fmalar\u0131na m\u00fczik kurul ba\u015fkan\u0131 olarak devam etmektedir.<\/p>\n<p>2011 y\u0131l\u0131nda ba\u015flad\u0131\u011f\u0131 A\u00e7\u0131 M\u00fczik ve Sanat Okulu\u2019ndaki gitar \u00f6\u011fretmenli\u011fi \u00e7al\u0131\u015fmalar\u0131na\u00a0 b\u00f6l\u00fcm sorumlusu olarak devam etmektedir.<\/p>\n<p><strong>\u00d6\u011fretmenler:<\/strong> Erhan Canbulat, Taha G\u00fcrb\u00fcz<\/p>\n<p>\n<\/div><div class=\"btClear btSeparator topSemiSpaced noBorder\" ><hr><\/div><\/div><\/div><div class=\"rowItem col-md-3 col-sm-6 col-ms-12 btTextLeft animate animate-fadein btTopVertical\"  data-width=\"3\"><div class=\"rowItemContent\" ><div class=\"btClear btSeparator topSemiSpaced noBorder\" ><hr><\/div><header class=\"header btClear medium  btHeaderAccent2\" ><div class=\"dash\"><h3><span class=\"headline\">Y\u00d6NET\u0130C\u0130 KADROSU<\/span><\/h3><\/div><\/header><div class=\"btCustomMenu \" ><div class=\"menu-yonetici-kadrosu-container\"><ul id=\"menu-yonetici-kadrosu\" class=\"menu\"><li id=\"menu-item-3922\" class=\"menu-item menu-item-type-post_type menu-item-object-page menu-item-3922\"><a href=\"https:\/\/musicart.acischools.k12.tr\/?page_id=3894\">M\u00fcd\u00fcr<\/a><\/li><li id=\"menu-item-3940\" class=\"menu-item menu-item-type-post_type menu-item-object-page menu-item-3940\"><a href=\"https:\/\/musicart.acischools.k12.tr\/?page_id=3933\">Koordinat\u00f6r<\/a><\/li>\n<\/ul><\/div><\/div><div class=\"btClear btSeparator topSemiSpaced noBorder\" ><hr><\/div><header class=\"header btClear medium  btHeaderAccent2\" ><div class=\"dash\"><h3><span class=\"headline\">E\u011e\u0130T\u0130M KADROSU<\/span><\/h3><\/div><\/header><div class=\"btCustomMenu \" ><div class=\"menu-egitim-kadrosu-container\"><ul id=\"menu-egitim-kadrosu\" class=\"menu\"><li id=\"menu-item-3945\" class=\"menu-item menu-item-type-post_type menu-item-object-page menu-item-3945\"><a href=\"https:\/\/musicart.acischools.k12.tr\/?page_id=3943\">Piyano<\/a><\/li><li id=\"menu-item-4285\" class=\"menu-item menu-item-type-post_type menu-item-object-page menu-item-4285\"><a href=\"https:\/\/musicart.acischools.k12.tr\/?page_id=4268\">Gitar<\/a><\/li><li id=\"menu-item-4513\" class=\"menu-item menu-item-type-post_type menu-item-object-page menu-item-4513\"><a href=\"https:\/\/musicart.acischools.k12.tr\/?page_id=4511\">G\u00f6rsel Sanatlar<\/a><\/li><li id=\"menu-item-4281\" class=\"menu-item menu-item-type-post_type menu-item-object-page menu-item-4281\"><a href=\"https:\/\/musicart.acischools.k12.tr\/?page_id=4276\">Sahne Sanatlar\u0131<\/a><\/li><li id=\"menu-item-4282\" class=\"menu-item menu-item-type-post_type menu-item-object-page menu-item-4282\"><a href=\"https:\/\/musicart.acischools.k12.tr\/?page_id=4274\">Ses E\u011fitimi<\/a><\/li><li id=\"menu-item-4284\" class=\"menu-item menu-item-type-post_type menu-item-object-page menu-item-4284\"><a href=\"https:\/\/musicart.acischools.k12.tr\/?page_id=4270\">Vurmal\u0131lar<\/a><\/li><li id=\"menu-item-4286\" class=\"menu-item menu-item-type-post_type menu-item-object-page menu-item-4286\"><a href=\"https:\/\/musicart.acischools.k12.tr\/?page_id=4265\">Yayl\u0131lar<\/a><\/li><li id=\"menu-item-6119\" class=\"menu-item menu-item-type-post_type menu-item-object-page menu-item-6119\"><a href=\"https:\/\/musicart.acischools.k12.tr\/?page_id=6031\">Okul \u00d6ncesi<\/a><\/li><li id=\"menu-item-6909\" class=\"menu-item menu-item-type-post_type menu-item-object-page menu-item-6909\"><a href=\"https:\/\/musicart.acischools.k12.tr\/?page_id=6907\">Geli\u015fim Programlar\u0131<\/a><\/li>\n<\/ul><\/div><\/div><div class=\"btClear btSeparator topSemiSpaced noBorder\" ><hr><\/div><\/div><\/div><\/div><\/div><div class=\"boldRow \" ><div class=\"boldRowInner\"><\/div><\/div><div class=\"boldRow \" ><div class=\"boldRowInner\"><\/div><\/div><\/div><\/div><\/div><\/section>\n","protected":false},"excerpt":{"rendered":"","protected":false},"author":1,"featured_media":2501,"parent":3926,"menu_order":0,"comment_status":"closed","ping_status":"closed","template":"","meta":{"footnotes":""},"class_list":["post-4268","page","type-page","status-publish","has-post-thumbnail","hentry"],"_links":{"self":[{"href":"https:\/\/musicart.acischools.k12.tr\/index.php?rest_route=\/wp\/v2\/pages\/4268","targetHints":{"allow":["GET"]}}],"collection":[{"href":"https:\/\/musicart.acischools.k12.tr\/index.php?rest_route=\/wp\/v2\/pages"}],"about":[{"href":"https:\/\/musicart.acischools.k12.tr\/index.php?rest_route=\/wp\/v2\/types\/page"}],"author":[{"embeddable":true,"href":"https:\/\/musicart.acischools.k12.tr\/index.php?rest_route=\/wp\/v2\/users\/1"}],"replies":[{"embeddable":true,"href":"https:\/\/musicart.acischools.k12.tr\/index.php?rest_route=%2Fwp%2Fv2%2Fcomments&post=4268"}],"version-history":[{"count":6,"href":"https:\/\/musicart.acischools.k12.tr\/index.php?rest_route=\/wp\/v2\/pages\/4268\/revisions"}],"predecessor-version":[{"id":6261,"href":"https:\/\/musicart.acischools.k12.tr\/index.php?rest_route=\/wp\/v2\/pages\/4268\/revisions\/6261"}],"up":[{"embeddable":true,"href":"https:\/\/musicart.acischools.k12.tr\/index.php?rest_route=\/wp\/v2\/pages\/3926"}],"wp:featuredmedia":[{"embeddable":true,"href":"https:\/\/musicart.acischools.k12.tr\/index.php?rest_route=\/"}],"wp:attachment":[{"href":"https:\/\/musicart.acischools.k12.tr\/index.php?rest_route=%2Fwp%2Fv2%2Fmedia&parent=4268"}],"curies":[{"name":"wp","href":"https:\/\/api.w.org\/{rel}","templated":true}]}}